{"id":6508,"date":"2020-07-08T20:32:18","date_gmt":"2020-07-08T18:32:18","guid":{"rendered":"https:\/\/mediendesign-moser.at\/shop\/?page_id=6508"},"modified":"2024-04-19T11:51:16","modified_gmt":"2024-04-19T09:51:16","slug":"svg-dateien-mit-brother-scanncut-verwenden","status":"publish","type":"page","link":"https:\/\/mediendesign-moser.at\/shop\/?page_id=6508","title":{"rendered":"&#8211; SVG Dateien mit Brother ScanNCut verwenden"},"content":{"rendered":"<p>Wenn du meine Schneidplotterdateien mit einem Brother ScanNCut Ger\u00e4t verwenden m\u00f6chtest, dann verwende bitte die SVG-Dateien, die in meinen Downloads zur Verf\u00fcgung stehen.<\/p>\n<h3><a href=\"https:\/\/mediendesign-moser.at\/shop\/?page_id=7025\" target=\"_blank\" rel=\"noopener\">Bitte beachte die Seite L\u00f6sungsvorschl\u00e4ge (diese wird laufend erg\u00e4nzt), falls du ein Problem beim Verwenden meiner Dateien hast.<\/a><\/h3>\n<p>Meine SVG Dateien sind f\u00fcr Papier in der Gr\u00f6\u00dfe A4 aufbereitet. Jedes Seite meiner SVG Designs enth\u00e4lt einen gr\u00fcnen Rahmen in der Gr\u00f6\u00dfe von 20 x 29 cm, welcher alle zu plottenden Einzelteile umfasst. Bei aufw\u00e4ndigen Designs, f\u00fcr die mehrere Seiten bzw. mehrere best\u00fcckte Schneidematten notwendig sind, ist dies wichtig. Denn durch den \u00e4u\u00dferen gr\u00fcnen Rahmen wird sichergestellt, dass die Gr\u00f6\u00dfe aller geplotteten Einzelteile von allen erforderlichen Schneidematten proportional zueinander passt.<\/p>\n<p>Solltest du ein Problem beim Verwenden meiner Dateien haben, bitte kontaktiere mich im <a href=\"https:\/\/mediendesign-moser.at\/?page_id=7525\" target=\"_blank\" rel=\"noopener\">Kontaktformular<\/a>.<\/p>\n<p>Anleitungsvideo wie man meine Dateien in Canvas Workspace verwendet und &#8211; wenn gew\u00fcnscht &#8211; vergr\u00f6\u00dfert:<\/p>\n<p><iframe loading=\"lazy\" title=\"YouTube video player\" src=\"https:\/\/www.youtube.com\/embed\/Ov5dzCNsVA4?si=nkb5SaSKK8rveJo4\" width=\"560\" height=\"315\" frameborder=\"0\" allowfullscreen=\"allowfullscreen\"><\/iframe><\/p>\n<p>In dem folgenden Anleitungsvideo erkl\u00e4re ich, wie man meine SVG-Dateien mit Brother ScanNCut-Ger\u00e4ten verwendet:<\/p>\n<p><iframe loading=\"lazy\" src=\"https:\/\/www.youtube.com\/embed\/J3WeNvaHbcw\" width=\"560\" height=\"315\" frameborder=\"0\" allowfullscreen=\"allowfullscreen\"><span data-mce-type=\"bookmark\" style=\"display: inline-block; width: 0px; overflow: hidden; line-height: 0;\" class=\"mce_SELRES_start\">\ufeff<\/span><\/iframe><\/p>\n<h4>Anleitungsvideos f\u00fcr die Verwendung von<br \/>\nBrother ScanNCut Schneideger\u00e4ten<br \/>\n<a href=\"https:\/\/mediendesign-moser.at\/shop\/?page_id=6903\" target=\"_blank\" rel=\"noopener\">Videoserie speziell f\u00fcr Anf\u00e4nger<\/a><\/h4>\n<p>Weitere Anleitungen folgen<\/p>\n","protected":false},"excerpt":{"rendered":"<p>Wenn du meine Schneidplotterdateien mit einem Brother ScanNCut Ger\u00e4t verwenden m\u00f6chtest, dann verwende bitte die SVG-Dateien, die in meinen Downloads zur Verf\u00fcgung stehen. Bitte beachte die Seite L\u00f6sungsvorschl\u00e4ge (diese wird laufend erg\u00e4nzt), falls du ein Problem beim Verwenden meiner Dateien hast. Meine SVG Dateien sind f\u00fcr Papier in der Gr\u00f6\u00dfe A4 aufbereitet. Jedes Seite meiner [&hellip;]<\/p>\n","protected":false},"author":1,"featured_media":0,"parent":0,"menu_order":0,"comment_status":"closed","ping_status":"closed","template":"","meta":{"om_disable_all_campaigns":false,"_monsterinsights_skip_tracking":false,"_monsterinsights_sitenote_active":false,"_monsterinsights_sitenote_note":"","_monsterinsights_sitenote_category":0,"footnotes":""},"class_list":["post-6508","page","type-page","status-publish","hentry"],"aioseo_notices":[],"jetpack_sharing_enabled":true,"_links":{"self":[{"href":"https:\/\/mediendesign-moser.at\/shop\/index.php?rest_route=\/wp\/v2\/pages\/6508","targetHints":{"allow":["GET"]}}],"collection":[{"href":"https:\/\/mediendesign-moser.at\/shop\/index.php?rest_route=\/wp\/v2\/pages"}],"about":[{"href":"https:\/\/mediendesign-moser.at\/shop\/index.php?rest_route=\/wp\/v2\/types\/page"}],"author":[{"embeddable":true,"href":"https:\/\/mediendesign-moser.at\/shop\/index.php?rest_route=\/wp\/v2\/users\/1"}],"replies":[{"embeddable":true,"href":"https:\/\/mediendesign-moser.at\/shop\/index.php?rest_route=%2Fwp%2Fv2%2Fcomments&post=6508"}],"version-history":[{"count":19,"href":"https:\/\/mediendesign-moser.at\/shop\/index.php?rest_route=\/wp\/v2\/pages\/6508\/revisions"}],"predecessor-version":[{"id":23703,"href":"https:\/\/mediendesign-moser.at\/shop\/index.php?rest_route=\/wp\/v2\/pages\/6508\/revisions\/23703"}],"wp:attachment":[{"href":"https:\/\/mediendesign-moser.at\/shop\/index.php?rest_route=%2Fwp%2Fv2%2Fmedia&parent=6508"}],"curies":[{"name":"wp","href":"https:\/\/api.w.org\/{rel}","templated":true}]}}